{"id":2271,"date":"2021-08-07T16:43:10","date_gmt":"2021-08-07T21:43:10","guid":{"rendered":"https:\/\/cordibus.net\/?page_id=2271"},"modified":"2021-08-11T11:42:02","modified_gmt":"2021-08-11T16:42:02","slug":"sor-emmanuel-maillard","status":"publish","type":"page","link":"https:\/\/cordibus.net\/en\/sor-emmanuel-maillard\/","title":{"rendered":"Sister Emmanuel Maillard"},"content":{"rendered":"<div class=\"wpb-content-wrapper\"><div class=\"vc_row wpb_row vc_row-fluid vc_custom_1628372576025 vc_row-has-fill la_fp_slide la_fp_child_section\"><div class=\"wpb_column vc_column_container vc_col-sm-12\"><div class=\"vc_column-inner\"><div class=\"wpb_wrapper\"><div class=\"vc_empty_space\"   style=\"height: 32px\"><span class=\"vc_empty_space_inner\"><\/span><\/div><div class=\"vc_row wpb_row vc_inner vc_row-fluid\"><div class=\"wpb_column vc_column_container vc_col-sm-2\"><div class=\"vc_column-inner\"><div class=\"wpb_wrapper\"><\/div><\/div><\/div><div class=\"wpb_column vc_column_container vc_col-sm-6\"><div class=\"vc_column-inner\"><div class=\"wpb_wrapper\"><h2 style=\"color: #ffffff;text-align: left;font-family:Titillium Web;font-weight:400;font-style:normal\" class=\"vc_custom_heading vc_do_custom_heading wpb_animate_when_almost_visible wpb_bounceInLeft bounceInLeft\" >Sister Emmanuel Maillard<\/h2><\/div><\/div><\/div><div class=\"wpb_column vc_column_container vc_col-sm-4\"><div class=\"vc_column-inner\"><div class=\"wpb_wrapper\"><\/div><\/div><\/div><\/div><div class=\"vc_row wpb_row vc_inner vc_row-fluid\"><div class=\"wpb_column vc_column_container vc_col-sm-2\"><div class=\"vc_column-inner\"><div class=\"wpb_wrapper\"><\/div><\/div><\/div><div class=\"wpb_column vc_column_container vc_col-sm-6\"><div class=\"vc_column-inner\"><div class=\"wpb_wrapper\">\n\t<div class=\"wpb_text_column wpb_content_element wpb_animate_when_almost_visible wpb_bounceInUp bounceInUp fraseCabezal\" >\n\t\t<div class=\"wpb_wrapper\">\n\t\t\t<p>He was born on September 22, 1947 in Paris (France).<\/p>\n\n\t\t<\/div>\n\t<\/div>\n<\/div><\/div><\/div><div class=\"wpb_column vc_column_container vc_col-sm-4\"><div class=\"vc_column-inner\"><div class=\"wpb_wrapper\"><\/div><\/div><\/div><\/div><div class=\"vc_empty_space\"   style=\"height: 32px\"><span class=\"vc_empty_space_inner\"><\/span><\/div><\/div><\/div><\/div><\/div><div class=\"vc_row wpb_row vc_row-fluid la_fp_slide la_fp_child_section\"><div class=\"wpb_column vc_column_container vc_col-sm-2\"><div class=\"vc_column-inner\"><div class=\"wpb_wrapper\"><\/div><\/div><\/div><div class=\"wpb_column vc_column_container vc_col-sm-8\"><div class=\"vc_column-inner\"><div class=\"wpb_wrapper\">\n\t<div class=\"wpb_text_column wpb_content_element TextoAutor\" >\n\t\t<div class=\"wpb_wrapper\">\n\t\t\t<p>He studied Theology with Cardinal Danielou. In 1969 he graduated in Fine Arts from the Sorbonne University, Paris. In 1976 he joined the Community of the Beatitudes. Cardinal Robert Coffy (at the time Archbishop of Albi, France) accepted her vows as a Sister on November 18, 1978.<\/p>\n<p>He immediately left for the foundation in Israel (Nazareth and then Jerusalem) where he remained for 7 years. Those were intense years. Upon returning to France, he felt in his heart the desire to transmit to this God-thirsty world the wonderful hope found in Christ. He did this mostly through audio cassettes.<\/p>\n<p>After the first visit to Medjugorje, in 1984, Sister Emmanuel was sent in &#039;89 by her community to live there, where - since then - she has prayed at the Gospa school in Medjugorje, in the concrete search of cooperating with the Virgin. to better spread your messages.<\/p>\n\n\t\t<\/div>\n\t<\/div>\n<\/div><\/div><\/div><div class=\"wpb_column vc_column_container vc_col-sm-2\"><div class=\"vc_column-inner\"><div class=\"wpb_wrapper\"><\/div><\/div><\/div><\/div><div class=\"vc_row wpb_row vc_row-fluid la_fp_slide la_fp_child_section\"><div class=\"wpb_column vc_column_container vc_col-sm-12\"><div class=\"vc_column-inner\"><div class=\"wpb_wrapper\"><div class=\"vc_tta-container tta--align-center la__tta tta--1\" data-vc-action=\"collapse\"><div class=\"vc_tta vc_tta-tabs tab--1 vc_tta-tabs-position-top vc_tta-controls-align-center vc_tta-o-no-fill\"><div class=\"vc_tta-tabs-container\"><ul class=\"vc_tta-tabs-list\"><li class=\"vc_tta-tab vc_active\" data-vc-tab><a href=\"#1628181722574-34a17bee-61ec8da8-2a9c23ee-9faf\" data-vc-tabs data-vc-container=\".vc_tta\"><span class=\"vc_tta-title-text\">We recommend you<\/span><\/a><\/li><\/ul><\/div><div class=\"vc_tta-panels-container\"><div class=\"vc_tta-panels\"><div class=\"vc_tta-panel vc_active\" id=\"1628181722574-34a17bee-61ec8da8-2a9c23ee-9faf\" data-vc-content=\".vc_tta-panel-body\"><div class=\"vc_tta-panel-heading\"><h4 class=\"vc_tta-panel-title\"><a href=\"#1628181722574-34a17bee-61ec8da8-2a9c23ee-9faf\" data-vc-accordion data-vc-container=\".vc_tta-container\"><span class=\"vc_tta-title-text\">We recommend you<\/span><\/a><\/h4><\/div><div class=\"vc_tta-panel-body\"><div id=\"recent_products_69ec4f39ec3da\" class=\"woocommerce products_scenario_recent_products\"><div class=\"row\"><div class=\"col-xs-12\"><ul class=\"products grid-space-default grid-items xxl-block-grid-3 xl-block-grid-3 lg-block-grid-2 md-block-grid-3 sm-block-grid-2 block-grid-1 products-grid products-grid-1\"><li class=\"product_item grid-item product thumb-has-effect prod-rating-on prod-has-rating type-product post-2094 status-publish first instock product_cat-1-libros product_cat-1-rosarios product_cat-1a-maria product_cat-biblias-y-libros product_cat-bl-sancta-maria product_cat-sor-emmanuel-maillard product_tag-editorial-asociacion-hijos-de-medjugorje product_tag-sor-emmanuel-maillard has-post-thumbnail shipping-taxable purchasable product-type-simple\" data-width=\"1\" data-height=\"1\">\n\t\t<div class=\"product_item--inner\">\n\t\t<div class=\"product_item--thumbnail\">\n\t\t\t<div class=\"product_item--thumbnail-holder\">\n\t\t\t\t<a href=\"https:\/\/cordibus.net\/en\/product\/contemplacion-de-los-misterios-del-rosario\/\" class=\"woocommerce-LoopProduct-link woocommerce-loop-product__link\"><img loading=\"lazy\" decoding=\"async\" width=\"500\" height=\"625\" src=\"https:\/\/i0.wp.com\/cordibus.net\/wp-content\/uploads\/2023\/10\/Contemplacion-de-los-misterios-del-Rosario-CONAS17110173-p.jpg?resize=500%2C625&amp;ssl=1\" class=\"attachment-woocommerce_thumbnail size-woocommerce_thumbnail\" alt=\"Contemplaci\u00f3n de los misterios del Rosario (Libro, folleto y rosario)\" \/><div class=\"wp-alt-image\" data-background-image=\"\/\/i0.wp.com\/cordibus.net\/wp-content\/uploads\/2023\/10\/Contemplacion-de-los-misterios-del-Rosario-CONAS17110173-c2.jpg?resize=500%2C625&ssl=1\"style=\"background-image: url(\/\/i0.wp.com\/cordibus.net\/wp-content\/uploads\/2023\/10\/Contemplacion-de-los-misterios-del-Rosario-CONAS17110173-c2.jpg?resize=500%2C625&ssl=1);\"><\/div><div class=\"item--overlay\"><\/div><\/a>\t\t\t<\/div>\n\t\t\t<div class=\"product_item_thumbnail_action product_item--action\">\n\t\t\t\t<div class=\"wrap-addto\"><a class=\"quickview button la-quickview-button\" href=\"https:\/\/cordibus.net\/en\/product\/contemplacion-de-los-misterios-del-rosario\/\" data-href=\"https:\/\/cordibus.net\/en\/product\/contemplacion-de-los-misterios-del-rosario\/?product_quickview=2094\" title=\"Quick Shop\">Quick Shop<\/a><a href=\"\/en\/wp-json\/wp\/v2\/pages\/2271?add-to-cart=2094\" data-quantity=\"1\" class=\"button product_type_simple add_to_cart_button ajax_add_to_cart\" data-product_id=\"2094\" data-product_sku=\"CON-AS-1711-0173\" aria-label=\"Add to cart: \u201cContemplaci\u00f3n de los misterios del Rosario (Libro, folleto y rosario)\u201d\" rel=\"nofollow\" data-success_message=\"\u201cContemplaci\u00f3n de los misterios del Rosario (Libro, folleto y rosario)\u201d has been added to your cart\" data-product_title=\"Contemplaci\u00f3n de los misterios del Rosario (Libro, folleto y rosario)\" data-no-translation-aria-label=\"\" data-no-translation-data-success_message=\"\"><span title=\"Add to cart\" data-no-translation=\"\" data-trp-gettext=\"\" data-no-translation-title=\"\">Add to cart<\/span><\/a><a class=\"add_wishlist button la-core-wishlist\" href=\"#\" title=\"Add to Wishlist\" rel=\"nofollow\" data-product_title=\"Contemplaci\u00f3n de los misterios del Rosario (Libro, folleto y rosario)\" data-product_id=\"2094\">Add to Wishlist<\/a><a class=\"add_compare button la-core-compare\" href=\"#\" title=\"Add to Compare\" rel=\"nofollow\" data-product_title=\"Contemplaci\u00f3n de los misterios del Rosario (Libro, folleto y rosario)\" data-product_id=\"2094\">Add to Compare<\/a><\/div>\t\t\t<\/div>\n\t\t<\/div>\n\t\t<div class=\"product_item--info\">\n\t\t\t<div class=\"product_item--info-inner\">\n\t\t\t\t<h3 class=\"product_item--title\"><a href=\"https:\/\/cordibus.net\/en\/product\/contemplacion-de-los-misterios-del-rosario\/\">Contemplation of the mysteries of the Rosary (Book, pamphlet and rosary)<\/a><\/h3>\n\t<span class=\"price\"><span class=\"woocommerce-Price-amount amount\"><bdi><span class=\"woocommerce-Price-currencySymbol\">&#36;<\/span>9.00<\/bdi><\/span><\/span>\n\t\t\t<\/div>\n\t\t\t<div class=\"product_item--action\">\n\t\t\t\t<div class=\"wrap-addto\"><a class=\"quickview button la-quickview-button\" href=\"https:\/\/cordibus.net\/en\/product\/contemplacion-de-los-misterios-del-rosario\/\" data-href=\"https:\/\/cordibus.net\/en\/product\/contemplacion-de-los-misterios-del-rosario\/?product_quickview=2094\" title=\"Quick Shop\">Quick Shop<\/a><a href=\"\/en\/wp-json\/wp\/v2\/pages\/2271?add-to-cart=2094\" data-quantity=\"1\" class=\"button product_type_simple add_to_cart_button ajax_add_to_cart\" data-product_id=\"2094\" data-product_sku=\"CON-AS-1711-0173\" aria-label=\"Add to cart: \u201cContemplaci\u00f3n de los misterios del Rosario (Libro, folleto y rosario)\u201d\" rel=\"nofollow\" data-success_message=\"\u201cContemplaci\u00f3n de los misterios del Rosario (Libro, folleto y rosario)\u201d has been added to your cart\" data-product_title=\"Contemplaci\u00f3n de los misterios del Rosario (Libro, folleto y rosario)\" data-no-translation-aria-label=\"\" data-no-translation-data-success_message=\"\"><span title=\"Add to cart\" data-no-translation=\"\" data-trp-gettext=\"\" data-no-translation-title=\"\">Add to cart<\/span><\/a><a class=\"add_wishlist button la-core-wishlist\" href=\"#\" title=\"Add to Wishlist\" rel=\"nofollow\" data-product_title=\"Contemplaci\u00f3n de los misterios del Rosario (Libro, folleto y rosario)\" data-product_id=\"2094\">Add to Wishlist<\/a><a class=\"add_compare button la-core-compare\" href=\"#\" title=\"Add to Compare\" rel=\"nofollow\" data-product_title=\"Contemplaci\u00f3n de los misterios del Rosario (Libro, folleto y rosario)\" data-product_id=\"2094\">Add to Compare<\/a><\/div>\t\t\t<\/div>\n\t\t<\/div>\n\t\t<\/div>\n<\/li>\n<li class=\"product_item grid-item product thumb-has-effect prod-rating-on prod-has-rating type-product post-2089 status-publish instock product_cat-1-libros product_cat-1a-maria product_cat-biblias-y-libros product_cat-bl-sancta-maria product_cat-sor-emmanuel-maillard product_tag-editorial-asociacion-hijos-de-medjugorje product_tag-sor-emmanuel-maillard has-post-thumbnail shipping-taxable purchasable product-type-simple\" data-width=\"1\" data-height=\"1\">\n\t\t<div class=\"product_item--inner\">\n\t\t<div class=\"product_item--thumbnail\">\n\t\t\t<div class=\"product_item--thumbnail-holder\">\n\t\t\t\t<a href=\"https:\/\/cordibus.net\/en\/product\/la-paz-tendra-la-ultima-palabra\/\" class=\"woocommerce-LoopProduct-link woocommerce-loop-product__link\"><img loading=\"lazy\" decoding=\"async\" width=\"500\" height=\"625\" src=\"https:\/\/i0.wp.com\/cordibus.net\/wp-content\/uploads\/2023\/10\/La-Paz-tendra-la-ultima-palabra-LAPAS23150323-p.jpg?resize=500%2C625&amp;ssl=1\" class=\"attachment-woocommerce_thumbnail size-woocommerce_thumbnail\" alt=\"La Paz tendr\u00e1 la \u00faltima palabra\" \/><div class=\"wp-alt-image\" data-background-image=\"\/\/i0.wp.com\/cordibus.net\/wp-content\/uploads\/2023\/10\/La-Paz-tendra-la-ultima-palabra-LAPAS23150323-c.jpg?resize=500%2C625&ssl=1\"style=\"background-image: url(\/\/i0.wp.com\/cordibus.net\/wp-content\/uploads\/2023\/10\/La-Paz-tendra-la-ultima-palabra-LAPAS23150323-c.jpg?resize=500%2C625&ssl=1);\"><\/div><div class=\"item--overlay\"><\/div><\/a>\t\t\t<\/div>\n\t\t\t<div class=\"product_item_thumbnail_action product_item--action\">\n\t\t\t\t<div class=\"wrap-addto\"><a class=\"quickview button la-quickview-button\" href=\"https:\/\/cordibus.net\/en\/product\/la-paz-tendra-la-ultima-palabra\/\" data-href=\"https:\/\/cordibus.net\/en\/product\/la-paz-tendra-la-ultima-palabra\/?product_quickview=2089\" title=\"Quick Shop\">Quick Shop<\/a><a href=\"\/en\/wp-json\/wp\/v2\/pages\/2271?add-to-cart=2089\" data-quantity=\"1\" class=\"button product_type_simple add_to_cart_button ajax_add_to_cart\" data-product_id=\"2089\" data-product_sku=\"LAP-AS-2315-0323\" aria-label=\"Add to cart: \u201cLa Paz tendr\u00e1 la \u00faltima palabra\u201d\" rel=\"nofollow\" data-success_message=\"\u201cLa Paz tendr\u00e1 la \u00faltima palabra\u201d has been added to your cart\" data-product_title=\"La Paz tendr\u00e1 la \u00faltima palabra\" data-no-translation-aria-label=\"\" data-no-translation-data-success_message=\"\"><span title=\"Add to cart\" data-no-translation=\"\" data-trp-gettext=\"\" data-no-translation-title=\"\">Add to cart<\/span><\/a><a class=\"add_wishlist button la-core-wishlist\" href=\"#\" title=\"Add to Wishlist\" rel=\"nofollow\" data-product_title=\"La Paz tendr\u00e1 la \u00faltima palabra\" data-product_id=\"2089\">Add to Wishlist<\/a><a class=\"add_compare button la-core-compare\" href=\"#\" title=\"Add to Compare\" rel=\"nofollow\" data-product_title=\"La Paz tendr\u00e1 la \u00faltima palabra\" data-product_id=\"2089\">Add to Compare<\/a><\/div>\t\t\t<\/div>\n\t\t<\/div>\n\t\t<div class=\"product_item--info\">\n\t\t\t<div class=\"product_item--info-inner\">\n\t\t\t\t<h3 class=\"product_item--title\"><a href=\"https:\/\/cordibus.net\/en\/product\/la-paz-tendra-la-ultima-palabra\/\">Peace will have the last word<\/a><\/h3>\n\t<span class=\"price\"><span class=\"woocommerce-Price-amount amount\"><bdi><span class=\"woocommerce-Price-currencySymbol\">&#36;<\/span>18.00<\/bdi><\/span><\/span>\n\t\t\t<\/div>\n\t\t\t<div class=\"product_item--action\">\n\t\t\t\t<div class=\"wrap-addto\"><a class=\"quickview button la-quickview-button\" href=\"https:\/\/cordibus.net\/en\/product\/la-paz-tendra-la-ultima-palabra\/\" data-href=\"https:\/\/cordibus.net\/en\/product\/la-paz-tendra-la-ultima-palabra\/?product_quickview=2089\" title=\"Quick Shop\">Quick Shop<\/a><a href=\"\/en\/wp-json\/wp\/v2\/pages\/2271?add-to-cart=2089\" data-quantity=\"1\" class=\"button product_type_simple add_to_cart_button ajax_add_to_cart\" data-product_id=\"2089\" data-product_sku=\"LAP-AS-2315-0323\" aria-label=\"Add to cart: \u201cLa Paz tendr\u00e1 la \u00faltima palabra\u201d\" rel=\"nofollow\" data-success_message=\"\u201cLa Paz tendr\u00e1 la \u00faltima palabra\u201d has been added to your cart\" data-product_title=\"La Paz tendr\u00e1 la \u00faltima palabra\" data-no-translation-aria-label=\"\" data-no-translation-data-success_message=\"\"><span title=\"Add to cart\" data-no-translation=\"\" data-trp-gettext=\"\" data-no-translation-title=\"\">Add to cart<\/span><\/a><a class=\"add_wishlist button la-core-wishlist\" href=\"#\" title=\"Add to Wishlist\" rel=\"nofollow\" data-product_title=\"La Paz tendr\u00e1 la \u00faltima palabra\" data-product_id=\"2089\">Add to Wishlist<\/a><a class=\"add_compare button la-core-compare\" href=\"#\" title=\"Add to Compare\" rel=\"nofollow\" data-product_title=\"La Paz tendr\u00e1 la \u00faltima palabra\" data-product_id=\"2089\">Add to Compare<\/a><\/div>\t\t\t<\/div>\n\t\t<\/div>\n\t\t<\/div>\n<\/li>\n<li class=\"product_item grid-item product thumb-has-effect prod-rating-on prod-has-rating type-product post-2083 status-publish last instock product_cat-3-libros product_cat-3c-jesus product_cat-biblias-y-libros product_cat-bl-iesus-christus product_cat-sor-emmanuel-maillard product_tag-editorial-realizacion-parangona-realitzacio-editorial product_tag-s-l product_tag-sor-emmanuel-maillard has-post-thumbnail shipping-taxable purchasable product-type-simple\" data-width=\"1\" data-height=\"1\">\n\t\t<div class=\"product_item--inner\">\n\t\t<div class=\"product_item--thumbnail\">\n\t\t\t<div class=\"product_item--thumbnail-holder\">\n\t\t\t\t<a href=\"https:\/\/cordibus.net\/en\/product\/escandalosa-misericordia-cuando-el-senor-rompen-moldes\/\" class=\"woocommerce-LoopProduct-link woocommerce-loop-product__link\"><img loading=\"lazy\" decoding=\"async\" width=\"500\" height=\"625\" src=\"https:\/\/i0.wp.com\/cordibus.net\/wp-content\/uploads\/2023\/10\/scandalosa-misericordia-ESCPA23150294-p.jpg?resize=500%2C625&amp;ssl=1\" class=\"attachment-woocommerce_thumbnail size-woocommerce_thumbnail\" alt=\"&quot;Escandalosa misericordia.  Cuando el se\u00f1or rompen moldes&quot;\" \/><div class=\"wp-alt-image\" data-background-image=\"\/\/i0.wp.com\/cordibus.net\/wp-content\/uploads\/2023\/10\/scandalosa-misericordia-ESCPA23150294-c.jpg?resize=500%2C625&ssl=1\"style=\"background-image: url(\/\/i0.wp.com\/cordibus.net\/wp-content\/uploads\/2023\/10\/scandalosa-misericordia-ESCPA23150294-c.jpg?resize=500%2C625&ssl=1);\"><\/div><div class=\"item--overlay\"><\/div><\/a>\t\t\t<\/div>\n\t\t\t<div class=\"product_item_thumbnail_action product_item--action\">\n\t\t\t\t<div class=\"wrap-addto\"><a class=\"quickview button la-quickview-button\" href=\"https:\/\/cordibus.net\/en\/product\/escandalosa-misericordia-cuando-el-senor-rompen-moldes\/\" data-href=\"https:\/\/cordibus.net\/en\/product\/escandalosa-misericordia-cuando-el-senor-rompen-moldes\/?product_quickview=2083\" title=\"Quick Shop\">Quick Shop<\/a><a href=\"\/en\/wp-json\/wp\/v2\/pages\/2271?add-to-cart=2083\" data-quantity=\"1\" class=\"button product_type_simple add_to_cart_button ajax_add_to_cart\" data-product_id=\"2083\" data-product_sku=\"ESC-PA-2315-0294\" aria-label=\"Add to cart: \u201c&quot;Escandalosa misericordia.  Cuando el se\u00f1or rompen moldes&quot;\u201d\" rel=\"nofollow\" data-success_message=\"\u201c&quot;Escandalosa misericordia.  Cuando el se\u00f1or rompen moldes&quot;\u201d has been added to your cart\" data-product_title=\"&quot;Escandalosa misericordia.  Cuando el se\u00f1or rompen moldes&quot;\" data-no-translation-aria-label=\"\" data-no-translation-data-success_message=\"\"><span title=\"Add to cart\" data-no-translation=\"\" data-trp-gettext=\"\" data-no-translation-title=\"\">Add to cart<\/span><\/a><a class=\"add_wishlist button la-core-wishlist\" href=\"#\" title=\"Add to Wishlist\" rel=\"nofollow\" data-product_title=\"&quot;Escandalosa misericordia.  Cuando el se\u00f1or rompen moldes&quot;\" data-product_id=\"2083\">Add to Wishlist<\/a><a class=\"add_compare button la-core-compare\" href=\"#\" title=\"Add to Compare\" rel=\"nofollow\" data-product_title=\"&quot;Escandalosa misericordia.  Cuando el se\u00f1or rompen moldes&quot;\" data-product_id=\"2083\">Add to Compare<\/a><\/div>\t\t\t<\/div>\n\t\t<\/div>\n\t\t<div class=\"product_item--info\">\n\t\t\t<div class=\"product_item--info-inner\">\n\t\t\t\t<h3 class=\"product_item--title\"><a href=\"https:\/\/cordibus.net\/en\/product\/escandalosa-misericordia-cuando-el-senor-rompen-moldes\/\">\u201cScandalous mercy. \u201cWhen the Lord breaks the mold\u201d<\/a><\/h3>\n\t<span class=\"price\"><span class=\"woocommerce-Price-amount amount\"><bdi><span class=\"woocommerce-Price-currencySymbol\">&#36;<\/span>18.00<\/bdi><\/span><\/span>\n\t\t\t<\/div>\n\t\t\t<div class=\"product_item--action\">\n\t\t\t\t<div class=\"wrap-addto\"><a class=\"quickview button la-quickview-button\" href=\"https:\/\/cordibus.net\/en\/product\/escandalosa-misericordia-cuando-el-senor-rompen-moldes\/\" data-href=\"https:\/\/cordibus.net\/en\/product\/escandalosa-misericordia-cuando-el-senor-rompen-moldes\/?product_quickview=2083\" title=\"Quick Shop\">Quick Shop<\/a><a href=\"\/en\/wp-json\/wp\/v2\/pages\/2271?add-to-cart=2083\" data-quantity=\"1\" class=\"button product_type_simple add_to_cart_button ajax_add_to_cart\" data-product_id=\"2083\" data-product_sku=\"ESC-PA-2315-0294\" aria-label=\"Add to cart: \u201c&quot;Escandalosa misericordia.  Cuando el se\u00f1or rompen moldes&quot;\u201d\" rel=\"nofollow\" data-success_message=\"\u201c&quot;Escandalosa misericordia.  Cuando el se\u00f1or rompen moldes&quot;\u201d has been added to your cart\" data-product_title=\"&quot;Escandalosa misericordia.  Cuando el se\u00f1or rompen moldes&quot;\" data-no-translation-aria-label=\"\" data-no-translation-data-success_message=\"\"><span title=\"Add to cart\" data-no-translation=\"\" data-trp-gettext=\"\" data-no-translation-title=\"\">Add to cart<\/span><\/a><a class=\"add_wishlist button la-core-wishlist\" href=\"#\" title=\"Add to Wishlist\" rel=\"nofollow\" data-product_title=\"&quot;Escandalosa misericordia.  Cuando el se\u00f1or rompen moldes&quot;\" data-product_id=\"2083\">Add to Wishlist<\/a><a class=\"add_compare button la-core-compare\" href=\"#\" title=\"Add to Compare\" rel=\"nofollow\" data-product_title=\"&quot;Escandalosa misericordia.  Cuando el se\u00f1or rompen moldes&quot;\" data-product_id=\"2083\">Add to Compare<\/a><\/div>\t\t\t<\/div>\n\t\t<\/div>\n\t\t<\/div>\n<\/li>\n<li class=\"product_item grid-item product thumb-has-effect prod-rating-on prod-has-rating type-product post-2078 status-publish first instock product_cat-1-libros product_cat-1a-maria product_cat-biblias-y-libros product_cat-bl-sancta-maria product_cat-sor-emmanuel-maillard product_tag-editorial-asociacion-hijos-de-medjugorje product_tag-sor-emmanuel-maillard has-post-thumbnail shipping-taxable purchasable product-type-simple\" data-width=\"1\" data-height=\"1\">\n\t\t<div class=\"product_item--inner\">\n\t\t<div class=\"product_item--thumbnail\">\n\t\t\t<div class=\"product_item--thumbnail-holder\">\n\t\t\t\t<a href=\"https:\/\/cordibus.net\/en\/product\/medjugorje-el-triunfo-del-corazon-la-decada-1990\/\" class=\"woocommerce-LoopProduct-link woocommerce-loop-product__link\"><img loading=\"lazy\" decoding=\"async\" width=\"500\" height=\"625\" src=\"https:\/\/i0.wp.com\/cordibus.net\/wp-content\/uploads\/2023\/10\/Medjugorje-el-triunfo-del-corazon-la-decada-1990-MEDAS23150390-p.jpg?resize=500%2C625&amp;ssl=1\" class=\"attachment-woocommerce_thumbnail size-woocommerce_thumbnail\" alt=\"Medjugorje el triunfo del coraz\u00f3n la decada 1990\" \/><div class=\"wp-alt-image\" data-background-image=\"\/\/i0.wp.com\/cordibus.net\/wp-content\/uploads\/2023\/10\/Medjugorje-el-triunfo-del-corazon-la-decada-1990-MEDAS23150390-c.jpg?resize=500%2C625&ssl=1\"style=\"background-image: url(\/\/i0.wp.com\/cordibus.net\/wp-content\/uploads\/2023\/10\/Medjugorje-el-triunfo-del-corazon-la-decada-1990-MEDAS23150390-c.jpg?resize=500%2C625&ssl=1);\"><\/div><div class=\"item--overlay\"><\/div><\/a>\t\t\t<\/div>\n\t\t\t<div class=\"product_item_thumbnail_action product_item--action\">\n\t\t\t\t<div class=\"wrap-addto\"><a class=\"quickview button la-quickview-button\" href=\"https:\/\/cordibus.net\/en\/product\/medjugorje-el-triunfo-del-corazon-la-decada-1990\/\" data-href=\"https:\/\/cordibus.net\/en\/product\/medjugorje-el-triunfo-del-corazon-la-decada-1990\/?product_quickview=2078\" title=\"Quick Shop\">Quick Shop<\/a><a href=\"\/en\/wp-json\/wp\/v2\/pages\/2271?add-to-cart=2078\" data-quantity=\"1\" class=\"button product_type_simple add_to_cart_button ajax_add_to_cart\" data-product_id=\"2078\" data-product_sku=\"MED-AS-2315-0390\" aria-label=\"Add to cart: \u201cMedjugorje el triunfo del coraz\u00f3n la decada 1990\u201d\" rel=\"nofollow\" data-success_message=\"\u201cMedjugorje el triunfo del coraz\u00f3n la decada 1990\u201d has been added to your cart\" data-product_title=\"Medjugorje el triunfo del coraz\u00f3n la decada 1990\" data-no-translation-aria-label=\"\" data-no-translation-data-success_message=\"\"><span title=\"Add to cart\" data-no-translation=\"\" data-trp-gettext=\"\" data-no-translation-title=\"\">Add to cart<\/span><\/a><a class=\"add_wishlist button la-core-wishlist\" href=\"#\" title=\"Add to Wishlist\" rel=\"nofollow\" data-product_title=\"Medjugorje el triunfo del coraz\u00f3n la decada 1990\" data-product_id=\"2078\">Add to Wishlist<\/a><a class=\"add_compare button la-core-compare\" href=\"#\" title=\"Add to Compare\" rel=\"nofollow\" data-product_title=\"Medjugorje el triunfo del coraz\u00f3n la decada 1990\" data-product_id=\"2078\">Add to Compare<\/a><\/div>\t\t\t<\/div>\n\t\t<\/div>\n\t\t<div class=\"product_item--info\">\n\t\t\t<div class=\"product_item--info-inner\">\n\t\t\t\t<h3 class=\"product_item--title\"><a href=\"https:\/\/cordibus.net\/en\/product\/medjugorje-el-triunfo-del-corazon-la-decada-1990\/\">Medjugorje the triumph of the heart the 1990s<\/a><\/h3>\n\t<span class=\"price\"><span class=\"woocommerce-Price-amount amount\"><bdi><span class=\"woocommerce-Price-currencySymbol\">&#36;<\/span>18.00<\/bdi><\/span><\/span>\n\t\t\t<\/div>\n\t\t\t<div class=\"product_item--action\">\n\t\t\t\t<div class=\"wrap-addto\"><a class=\"quickview button la-quickview-button\" href=\"https:\/\/cordibus.net\/en\/product\/medjugorje-el-triunfo-del-corazon-la-decada-1990\/\" data-href=\"https:\/\/cordibus.net\/en\/product\/medjugorje-el-triunfo-del-corazon-la-decada-1990\/?product_quickview=2078\" title=\"Quick Shop\">Quick Shop<\/a><a href=\"\/en\/wp-json\/wp\/v2\/pages\/2271?add-to-cart=2078\" data-quantity=\"1\" class=\"button product_type_simple add_to_cart_button ajax_add_to_cart\" data-product_id=\"2078\" data-product_sku=\"MED-AS-2315-0390\" aria-label=\"Add to cart: \u201cMedjugorje el triunfo del coraz\u00f3n la decada 1990\u201d\" rel=\"nofollow\" data-success_message=\"\u201cMedjugorje el triunfo del coraz\u00f3n la decada 1990\u201d has been added to your cart\" data-product_title=\"Medjugorje el triunfo del coraz\u00f3n la decada 1990\" data-no-translation-aria-label=\"\" data-no-translation-data-success_message=\"\"><span title=\"Add to cart\" data-no-translation=\"\" data-trp-gettext=\"\" data-no-translation-title=\"\">Add to cart<\/span><\/a><a class=\"add_wishlist button la-core-wishlist\" href=\"#\" title=\"Add to Wishlist\" rel=\"nofollow\" data-product_title=\"Medjugorje el triunfo del coraz\u00f3n la decada 1990\" data-product_id=\"2078\">Add to Wishlist<\/a><a class=\"add_compare button la-core-compare\" href=\"#\" title=\"Add to Compare\" rel=\"nofollow\" data-product_title=\"Medjugorje el triunfo del coraz\u00f3n la decada 1990\" data-product_id=\"2078\">Add to Compare<\/a><\/div>\t\t\t<\/div>\n\t\t<\/div>\n\t\t<\/div>\n<\/li>\n<li class=\"product_item grid-item product thumb-has-effect prod-rating-on prod-has-rating type-product post-2074 status-publish instock product_cat-1-libros product_cat-1a-maria product_cat-biblias-y-libros product_cat-bl-sancta-maria product_cat-sor-emmanuel-maillard product_tag-editorial-asociacion-hijos-de-medjugorje product_tag-sor-emmanuel-maillard has-post-thumbnail shipping-taxable purchasable product-type-simple\" data-width=\"1\" data-height=\"1\">\n\t\t<div class=\"product_item--inner\">\n\t\t<div class=\"product_item--thumbnail\">\n\t\t\t<div class=\"product_item--thumbnail-holder\">\n\t\t\t\t<a href=\"https:\/\/cordibus.net\/en\/product\/el-nino-escondido-de-medjugorje\/\" class=\"woocommerce-LoopProduct-link woocommerce-loop-product__link\"><img loading=\"lazy\" decoding=\"async\" width=\"500\" height=\"625\" src=\"https:\/\/i0.wp.com\/cordibus.net\/wp-content\/uploads\/2023\/10\/El-nino-escondido-de-Medjugorje-ELNAS23150355-p.jpg?resize=500%2C625&amp;ssl=1\" class=\"attachment-woocommerce_thumbnail size-woocommerce_thumbnail\" alt=\"El ni\u00f1o  escondido de Medjugorje\" \/><div class=\"wp-alt-image\" data-background-image=\"\/\/i0.wp.com\/cordibus.net\/wp-content\/uploads\/2023\/10\/El-nino-escondido-de-Medjugorje-ELNAS23150355-c.jpg?resize=500%2C625&ssl=1\"style=\"background-image: url(\/\/i0.wp.com\/cordibus.net\/wp-content\/uploads\/2023\/10\/El-nino-escondido-de-Medjugorje-ELNAS23150355-c.jpg?resize=500%2C625&ssl=1);\"><\/div><div class=\"item--overlay\"><\/div><\/a>\t\t\t<\/div>\n\t\t\t<div class=\"product_item_thumbnail_action product_item--action\">\n\t\t\t\t<div class=\"wrap-addto\"><a class=\"quickview button la-quickview-button\" href=\"https:\/\/cordibus.net\/en\/product\/el-nino-escondido-de-medjugorje\/\" data-href=\"https:\/\/cordibus.net\/en\/product\/el-nino-escondido-de-medjugorje\/?product_quickview=2074\" title=\"Quick Shop\">Quick Shop<\/a><a href=\"\/en\/wp-json\/wp\/v2\/pages\/2271?add-to-cart=2074\" data-quantity=\"1\" class=\"button product_type_simple add_to_cart_button ajax_add_to_cart\" data-product_id=\"2074\" data-product_sku=\"ELN-AS-2315-0355\" aria-label=\"Add to cart: \u201cEl ni\u00f1o  escondido de Medjugorje\u201d\" rel=\"nofollow\" data-success_message=\"\u201cEl ni\u00f1o  escondido de Medjugorje\u201d has been added to your cart\" data-product_title=\"El ni\u00f1o  escondido de Medjugorje\" data-no-translation-aria-label=\"\" data-no-translation-data-success_message=\"\"><span title=\"Add to cart\" data-no-translation=\"\" data-trp-gettext=\"\" data-no-translation-title=\"\">Add to cart<\/span><\/a><a class=\"add_wishlist button la-core-wishlist\" href=\"#\" title=\"Add to Wishlist\" rel=\"nofollow\" data-product_title=\"El ni\u00f1o  escondido de Medjugorje\" data-product_id=\"2074\">Add to Wishlist<\/a><a class=\"add_compare button la-core-compare\" href=\"#\" title=\"Add to Compare\" rel=\"nofollow\" data-product_title=\"El ni\u00f1o  escondido de Medjugorje\" data-product_id=\"2074\">Add to Compare<\/a><\/div>\t\t\t<\/div>\n\t\t<\/div>\n\t\t<div class=\"product_item--info\">\n\t\t\t<div class=\"product_item--info-inner\">\n\t\t\t\t<h3 class=\"product_item--title\"><a href=\"https:\/\/cordibus.net\/en\/product\/el-nino-escondido-de-medjugorje\/\">The hidden child of Medjugorje<\/a><\/h3>\n\t<span class=\"price\"><span class=\"woocommerce-Price-amount amount\"><bdi><span class=\"woocommerce-Price-currencySymbol\">&#36;<\/span>18.00<\/bdi><\/span><\/span>\n\t\t\t<\/div>\n\t\t\t<div class=\"product_item--action\">\n\t\t\t\t<div class=\"wrap-addto\"><a class=\"quickview button la-quickview-button\" href=\"https:\/\/cordibus.net\/en\/product\/el-nino-escondido-de-medjugorje\/\" data-href=\"https:\/\/cordibus.net\/en\/product\/el-nino-escondido-de-medjugorje\/?product_quickview=2074\" title=\"Quick Shop\">Quick Shop<\/a><a href=\"\/en\/wp-json\/wp\/v2\/pages\/2271?add-to-cart=2074\" data-quantity=\"1\" class=\"button product_type_simple add_to_cart_button ajax_add_to_cart\" data-product_id=\"2074\" data-product_sku=\"ELN-AS-2315-0355\" aria-label=\"Add to cart: \u201cEl ni\u00f1o  escondido de Medjugorje\u201d\" rel=\"nofollow\" data-success_message=\"\u201cEl ni\u00f1o  escondido de Medjugorje\u201d has been added to your cart\" data-product_title=\"El ni\u00f1o  escondido de Medjugorje\" data-no-translation-aria-label=\"\" data-no-translation-data-success_message=\"\"><span title=\"Add to cart\" data-no-translation=\"\" data-trp-gettext=\"\" data-no-translation-title=\"\">Add to cart<\/span><\/a><a class=\"add_wishlist button la-core-wishlist\" href=\"#\" title=\"Add to Wishlist\" rel=\"nofollow\" data-product_title=\"El ni\u00f1o  escondido de Medjugorje\" data-product_id=\"2074\">Add to Wishlist<\/a><a class=\"add_compare button la-core-compare\" href=\"#\" title=\"Add to Compare\" rel=\"nofollow\" data-product_title=\"El ni\u00f1o  escondido de Medjugorje\" data-product_id=\"2074\">Add to Compare<\/a><\/div>\t\t\t<\/div>\n\t\t<\/div>\n\t\t<\/div>\n<\/li>\n<li class=\"product_item grid-item product thumb-has-effect prod-rating-on prod-has-rating type-product post-2070 status-publish last instock product_cat-2-libros product_cat-2b-jose product_cat-biblias-y-libros product_cat-bl-sancta-maria product_cat-sor-emmanuel-maillard product_tag-editorial-realizacion-parangona-realitzacio-editorial product_tag-s-l product_tag-sor-emmanuel-maillard has-post-thumbnail shipping-taxable purchasable product-type-simple\" data-width=\"1\" data-height=\"1\">\n\t\t<div class=\"product_item--inner\">\n\t\t<div class=\"product_item--thumbnail\">\n\t\t\t<div class=\"product_item--thumbnail-holder\">\n\t\t\t\t<a href=\"https:\/\/cordibus.net\/en\/product\/mariam-de-belen-la-pequena-arabe\/\" class=\"woocommerce-LoopProduct-link woocommerce-loop-product__link\"><img loading=\"lazy\" decoding=\"async\" width=\"500\" height=\"625\" src=\"https:\/\/i0.wp.com\/cordibus.net\/wp-content\/uploads\/2023\/10\/Mariam-de-Belen-la-Pequena-Arabe-MARPA17110110-p.jpg?resize=500%2C625&amp;ssl=1\" class=\"attachment-woocommerce_thumbnail size-woocommerce_thumbnail\" alt=\"Mariam de Belen, la Peque\u00f1a  Arabe\" \/><div class=\"wp-alt-image\" data-background-image=\"\/\/i0.wp.com\/cordibus.net\/wp-content\/uploads\/2023\/10\/Mariam-de-Belen-la-Pequena-Arabe-MARPA17110110-l.jpg?resize=500%2C625&ssl=1\"style=\"background-image: url(\/\/i0.wp.com\/cordibus.net\/wp-content\/uploads\/2023\/10\/Mariam-de-Belen-la-Pequena-Arabe-MARPA17110110-l.jpg?resize=500%2C625&ssl=1);\"><\/div><div class=\"item--overlay\"><\/div><\/a>\t\t\t<\/div>\n\t\t\t<div class=\"product_item_thumbnail_action product_item--action\">\n\t\t\t\t<div class=\"wrap-addto\"><a class=\"quickview button la-quickview-button\" href=\"https:\/\/cordibus.net\/en\/product\/mariam-de-belen-la-pequena-arabe\/\" data-href=\"https:\/\/cordibus.net\/en\/product\/mariam-de-belen-la-pequena-arabe\/?product_quickview=2070\" title=\"Quick Shop\">Quick Shop<\/a><a href=\"\/en\/wp-json\/wp\/v2\/pages\/2271?add-to-cart=2070\" data-quantity=\"1\" class=\"button product_type_simple add_to_cart_button ajax_add_to_cart\" data-product_id=\"2070\" data-product_sku=\"MAR-PA-1711-0110\" aria-label=\"Add to cart: \u201cMariam de Belen, la Peque\u00f1a  Arabe\u201d\" rel=\"nofollow\" data-success_message=\"\u201cMariam de Belen, la Peque\u00f1a  Arabe\u201d has been added to your cart\" data-product_title=\"Mariam de Belen, la Peque\u00f1a  Arabe\" data-no-translation-aria-label=\"\" data-no-translation-data-success_message=\"\"><span title=\"Add to cart\" data-no-translation=\"\" data-trp-gettext=\"\" data-no-translation-title=\"\">Add to cart<\/span><\/a><a class=\"add_wishlist button la-core-wishlist\" href=\"#\" title=\"Add to Wishlist\" rel=\"nofollow\" data-product_title=\"Mariam de Belen, la Peque\u00f1a  Arabe\" data-product_id=\"2070\">Add to Wishlist<\/a><a class=\"add_compare button la-core-compare\" href=\"#\" title=\"Add to Compare\" rel=\"nofollow\" data-product_title=\"Mariam de Belen, la Peque\u00f1a  Arabe\" data-product_id=\"2070\">Add to Compare<\/a><\/div>\t\t\t<\/div>\n\t\t<\/div>\n\t\t<div class=\"product_item--info\">\n\t\t\t<div class=\"product_item--info-inner\">\n\t\t\t\t<h3 class=\"product_item--title\"><a href=\"https:\/\/cordibus.net\/en\/product\/mariam-de-belen-la-pequena-arabe\/\">Mariam de Belen, the Little Arab<\/a><\/h3>\n\t<span class=\"price\"><span class=\"woocommerce-Price-amount amount\"><bdi><span class=\"woocommerce-Price-currencySymbol\">&#36;<\/span>3.00<\/bdi><\/span><\/span>\n\t\t\t<\/div>\n\t\t\t<div class=\"product_item--action\">\n\t\t\t\t<div class=\"wrap-addto\"><a class=\"quickview button la-quickview-button\" href=\"https:\/\/cordibus.net\/en\/product\/mariam-de-belen-la-pequena-arabe\/\" data-href=\"https:\/\/cordibus.net\/en\/product\/mariam-de-belen-la-pequena-arabe\/?product_quickview=2070\" title=\"Quick Shop\">Quick Shop<\/a><a href=\"\/en\/wp-json\/wp\/v2\/pages\/2271?add-to-cart=2070\" data-quantity=\"1\" class=\"button product_type_simple add_to_cart_button ajax_add_to_cart\" data-product_id=\"2070\" data-product_sku=\"MAR-PA-1711-0110\" aria-label=\"Add to cart: \u201cMariam de Belen, la Peque\u00f1a  Arabe\u201d\" rel=\"nofollow\" data-success_message=\"\u201cMariam de Belen, la Peque\u00f1a  Arabe\u201d has been added to your cart\" data-product_title=\"Mariam de Belen, la Peque\u00f1a  Arabe\" data-no-translation-aria-label=\"\" data-no-translation-data-success_message=\"\"><span title=\"Add to cart\" data-no-translation=\"\" data-trp-gettext=\"\" data-no-translation-title=\"\">Add to cart<\/span><\/a><a class=\"add_wishlist button la-core-wishlist\" href=\"#\" title=\"Add to Wishlist\" rel=\"nofollow\" data-product_title=\"Mariam de Belen, la Peque\u00f1a  Arabe\" data-product_id=\"2070\">Add to Wishlist<\/a><a class=\"add_compare button la-core-compare\" href=\"#\" title=\"Add to Compare\" rel=\"nofollow\" data-product_title=\"Mariam de Belen, la Peque\u00f1a  Arabe\" data-product_id=\"2070\">Add to Compare<\/a><\/div>\t\t\t<\/div>\n\t\t<\/div>\n\t\t<\/div>\n<\/li>\n<li class=\"product_item grid-item product thumb-has-effect prod-rating-on prod-has-rating type-product post-1764 status-publish first outofstock product_cat-3-libros product_cat-3c-jesus product_cat-biblias-y-libros product_cat-bl-iesus-christus product_cat-sor-emmanuel-maillard product_tag-parangona-realizacio-editorial product_tag-s-l product_tag-sor-emmanuel-maillard has-post-thumbnail shipping-taxable purchasable product-type-simple\" data-width=\"1\" data-height=\"1\">\n\t\t<div class=\"product_item--inner\">\n\t\t<div class=\"product_item--thumbnail\">\n\t\t\t<div class=\"product_item--thumbnail-holder\">\n\t\t\t\t<a href=\"https:\/\/cordibus.net\/en\/product\/la-extrema-misericordia-no-judas-no-es-demasiado-tarde\/\" class=\"woocommerce-LoopProduct-link woocommerce-loop-product__link\"><span class=\"la-custom-badge badge-out-of-stock\" data-no-translation=\"\" data-trp-gettext=\"\">Agotado<\/span><img loading=\"lazy\" decoding=\"async\" width=\"500\" height=\"625\" src=\"https:\/\/i0.wp.com\/cordibus.net\/wp-content\/uploads\/2021\/07\/La-extrema-misericordia-No-Judas-no-es-demasiado-tarde-LAEPA17110037-p.jpg?resize=500%2C625&amp;ssl=1\" class=\"attachment-woocommerce_thumbnail size-woocommerce_thumbnail\" alt=\"La extrema misericordia: No Judas, no es demasiado tarde\" \/><div class=\"wp-alt-image\" data-background-image=\"\/\/i0.wp.com\/cordibus.net\/wp-content\/uploads\/2021\/07\/La-extrema-misericordia-No-Judas-no-es-demasiado-tarde-LAEPA17110037-c.jpg?resize=500%2C625&ssl=1\"style=\"background-image: url(\/\/i0.wp.com\/cordibus.net\/wp-content\/uploads\/2021\/07\/La-extrema-misericordia-No-Judas-no-es-demasiado-tarde-LAEPA17110037-c.jpg?resize=500%2C625&ssl=1);\"><\/div><div class=\"item--overlay\"><\/div><\/a>\t\t\t<\/div>\n\t\t\t<div class=\"product_item_thumbnail_action product_item--action\">\n\t\t\t\t<div class=\"wrap-addto\"><a class=\"quickview button la-quickview-button\" href=\"https:\/\/cordibus.net\/en\/product\/la-extrema-misericordia-no-judas-no-es-demasiado-tarde\/\" data-href=\"https:\/\/cordibus.net\/en\/product\/la-extrema-misericordia-no-judas-no-es-demasiado-tarde\/?product_quickview=1764\" title=\"Quick Shop\">Quick Shop<\/a><a href=\"https:\/\/cordibus.net\/en\/product\/la-extrema-misericordia-no-judas-no-es-demasiado-tarde\/\" data-quantity=\"1\" class=\"button product_type_simple add_to_cart_button\" data-product_id=\"1764\" data-product_sku=\"LAE-PA-1711-0037\" aria-label=\"Read more about \u201cLa extrema misericordia: No Judas, no es demasiado tarde\u201d\" rel=\"nofollow\" data-success_message=\"\" data-product_title=\"La extrema misericordia: No Judas, no es demasiado tarde\" data-no-translation-aria-label=\"\"><span title=\"Read more\" data-no-translation=\"\" data-trp-gettext=\"\" data-no-translation-title=\"\">Read more<\/span><\/a><a class=\"add_wishlist button la-core-wishlist\" href=\"#\" title=\"Add to Wishlist\" rel=\"nofollow\" data-product_title=\"La extrema misericordia: No Judas, no es demasiado tarde\" data-product_id=\"1764\">Add to Wishlist<\/a><a class=\"add_compare button la-core-compare\" href=\"#\" title=\"Add to Compare\" rel=\"nofollow\" data-product_title=\"La extrema misericordia: No Judas, no es demasiado tarde\" data-product_id=\"1764\">Add to Compare<\/a><\/div>\t\t\t<\/div>\n\t\t<\/div>\n\t\t<div class=\"product_item--info\">\n\t\t\t<div class=\"product_item--info-inner\">\n\t\t\t\t<h3 class=\"product_item--title\"><a href=\"https:\/\/cordibus.net\/en\/product\/la-extrema-misericordia-no-judas-no-es-demasiado-tarde\/\">Extreme mercy: No Judas, it is not too late<\/a><\/h3>\n\t<span class=\"price\"><span class=\"woocommerce-Price-amount amount\"><bdi><span class=\"woocommerce-Price-currencySymbol\">&#36;<\/span>4.00<\/bdi><\/span><\/span>\n\t\t\t<\/div>\n\t\t\t<div class=\"product_item--action\">\n\t\t\t\t<div class=\"wrap-addto\"><a class=\"quickview button la-quickview-button\" href=\"https:\/\/cordibus.net\/en\/product\/la-extrema-misericordia-no-judas-no-es-demasiado-tarde\/\" data-href=\"https:\/\/cordibus.net\/en\/product\/la-extrema-misericordia-no-judas-no-es-demasiado-tarde\/?product_quickview=1764\" title=\"Quick Shop\">Quick Shop<\/a><a href=\"https:\/\/cordibus.net\/en\/product\/la-extrema-misericordia-no-judas-no-es-demasiado-tarde\/\" data-quantity=\"1\" class=\"button product_type_simple add_to_cart_button\" data-product_id=\"1764\" data-product_sku=\"LAE-PA-1711-0037\" aria-label=\"Read more about \u201cLa extrema misericordia: No Judas, no es demasiado tarde\u201d\" rel=\"nofollow\" data-success_message=\"\" data-product_title=\"La extrema misericordia: No Judas, no es demasiado tarde\" data-no-translation-aria-label=\"\"><span title=\"Read more\" data-no-translation=\"\" data-trp-gettext=\"\" data-no-translation-title=\"\">Read more<\/span><\/a><a class=\"add_wishlist button la-core-wishlist\" href=\"#\" title=\"Add to Wishlist\" rel=\"nofollow\" data-product_title=\"La extrema misericordia: No Judas, no es demasiado tarde\" data-product_id=\"1764\">Add to Wishlist<\/a><a class=\"add_compare button la-core-compare\" href=\"#\" title=\"Add to Compare\" rel=\"nofollow\" data-product_title=\"La extrema misericordia: No Judas, no es demasiado tarde\" data-product_id=\"1764\">Add to Compare<\/a><\/div>\t\t\t<\/div>\n\t\t<\/div>\n\t\t<\/div>\n<\/li>\n<li class=\"product_item grid-item product thumb-has-effect prod-rating-on prod-has-rating type-product post-1741 status-publish instock product_cat-1-libros product_cat-1a-maria product_cat-3-libros product_cat-3c-jesus product_cat-biblias-y-libros product_cat-bl-iesus-christus product_cat-sor-emmanuel-maillard product_tag-sin-editorial product_tag-sor-emmanuel-maillard has-post-thumbnail shipping-taxable purchasable product-type-simple\" data-width=\"1\" data-height=\"1\">\n\t\t<div class=\"product_item--inner\">\n\t\t<div class=\"product_item--thumbnail\">\n\t\t\t<div class=\"product_item--thumbnail-holder\">\n\t\t\t\t<a href=\"https:\/\/cordibus.net\/en\/product\/el-poder-desconocido-del-ayuno-curacion-liberacion-alegria\/\" class=\"woocommerce-LoopProduct-link woocommerce-loop-product__link\"><img loading=\"lazy\" decoding=\"async\" width=\"500\" height=\"625\" src=\"https:\/\/i0.wp.com\/cordibus.net\/wp-content\/uploads\/2021\/07\/El-poder-desconocido-del-ayuno-ELPNO17110201-p.jpg?resize=500%2C625&amp;ssl=1\" class=\"attachment-woocommerce_thumbnail size-woocommerce_thumbnail\" alt=\"El poder desconocido del ayuno. curaci\u00f3n - liberaci\u00f3n - alegr\u00eda\" \/><div class=\"wp-alt-image\" data-background-image=\"\/\/i0.wp.com\/cordibus.net\/wp-content\/uploads\/2021\/07\/El-poder-desconocido-del-ayuno-ELPNO17110201-al.jpg?resize=500%2C625&ssl=1\"style=\"background-image: url(\/\/i0.wp.com\/cordibus.net\/wp-content\/uploads\/2021\/07\/El-poder-desconocido-del-ayuno-ELPNO17110201-al.jpg?resize=500%2C625&ssl=1);\"><\/div><div class=\"item--overlay\"><\/div><\/a>\t\t\t<\/div>\n\t\t\t<div class=\"product_item_thumbnail_action product_item--action\">\n\t\t\t\t<div class=\"wrap-addto\"><a class=\"quickview button la-quickview-button\" href=\"https:\/\/cordibus.net\/en\/product\/el-poder-desconocido-del-ayuno-curacion-liberacion-alegria\/\" data-href=\"https:\/\/cordibus.net\/en\/product\/el-poder-desconocido-del-ayuno-curacion-liberacion-alegria\/?product_quickview=1741\" title=\"Quick Shop\">Quick Shop<\/a><a href=\"\/en\/wp-json\/wp\/v2\/pages\/2271?add-to-cart=1741\" data-quantity=\"1\" class=\"button product_type_simple add_to_cart_button ajax_add_to_cart\" data-product_id=\"1741\" data-product_sku=\"ELP-NO-1711-0201\" aria-label=\"Add to cart: \u201cEl poder desconocido del ayuno.  curaci\u00f3n - liberaci\u00f3n - alegr\u00eda\u201d\" rel=\"nofollow\" data-success_message=\"\u201cEl poder desconocido del ayuno.  curaci\u00f3n - liberaci\u00f3n - alegr\u00eda\u201d has been added to your cart\" data-product_title=\"El poder desconocido del ayuno.  curaci\u00f3n - liberaci\u00f3n - alegr\u00eda\" data-no-translation-aria-label=\"\" data-no-translation-data-success_message=\"\"><span title=\"Add to cart\" data-no-translation=\"\" data-trp-gettext=\"\" data-no-translation-title=\"\">Add to cart<\/span><\/a><a class=\"add_wishlist button la-core-wishlist\" href=\"#\" title=\"Add to Wishlist\" rel=\"nofollow\" data-product_title=\"El poder desconocido del ayuno.  curaci\u00f3n - liberaci\u00f3n - alegr\u00eda\" data-product_id=\"1741\">Add to Wishlist<\/a><a class=\"add_compare button la-core-compare\" href=\"#\" title=\"Add to Compare\" rel=\"nofollow\" data-product_title=\"El poder desconocido del ayuno.  curaci\u00f3n - liberaci\u00f3n - alegr\u00eda\" data-product_id=\"1741\">Add to Compare<\/a><\/div>\t\t\t<\/div>\n\t\t<\/div>\n\t\t<div class=\"product_item--info\">\n\t\t\t<div class=\"product_item--info-inner\">\n\t\t\t\t<h3 class=\"product_item--title\"><a href=\"https:\/\/cordibus.net\/en\/product\/el-poder-desconocido-del-ayuno-curacion-liberacion-alegria\/\">The unknown power of fasting. healing \u2013 liberation \u2013 joy<\/a><\/h3>\n\t<span class=\"price\"><span class=\"woocommerce-Price-amount amount\"><bdi><span class=\"woocommerce-Price-currencySymbol\">&#36;<\/span>10.00<\/bdi><\/span><\/span>\n\t\t\t<\/div>\n\t\t\t<div class=\"product_item--action\">\n\t\t\t\t<div class=\"wrap-addto\"><a class=\"quickview button la-quickview-button\" href=\"https:\/\/cordibus.net\/en\/product\/el-poder-desconocido-del-ayuno-curacion-liberacion-alegria\/\" data-href=\"https:\/\/cordibus.net\/en\/product\/el-poder-desconocido-del-ayuno-curacion-liberacion-alegria\/?product_quickview=1741\" title=\"Quick Shop\">Quick Shop<\/a><a href=\"\/en\/wp-json\/wp\/v2\/pages\/2271?add-to-cart=1741\" data-quantity=\"1\" class=\"button product_type_simple add_to_cart_button ajax_add_to_cart\" data-product_id=\"1741\" data-product_sku=\"ELP-NO-1711-0201\" aria-label=\"Add to cart: \u201cEl poder desconocido del ayuno.  curaci\u00f3n - liberaci\u00f3n - alegr\u00eda\u201d\" rel=\"nofollow\" data-success_message=\"\u201cEl poder desconocido del ayuno.  curaci\u00f3n - liberaci\u00f3n - alegr\u00eda\u201d has been added to your cart\" data-product_title=\"El poder desconocido del ayuno.  curaci\u00f3n - liberaci\u00f3n - alegr\u00eda\" data-no-translation-aria-label=\"\" data-no-translation-data-success_message=\"\"><span title=\"Add to cart\" data-no-translation=\"\" data-trp-gettext=\"\" data-no-translation-title=\"\">Add to cart<\/span><\/a><a class=\"add_wishlist button la-core-wishlist\" href=\"#\" title=\"Add to Wishlist\" rel=\"nofollow\" data-product_title=\"El poder desconocido del ayuno.  curaci\u00f3n - liberaci\u00f3n - alegr\u00eda\" data-product_id=\"1741\">Add to Wishlist<\/a><a class=\"add_compare button la-core-compare\" href=\"#\" title=\"Add to Compare\" rel=\"nofollow\" data-product_title=\"El poder desconocido del ayuno.  curaci\u00f3n - liberaci\u00f3n - alegr\u00eda\" data-product_id=\"1741\">Add to Compare<\/a><\/div>\t\t\t<\/div>\n\t\t<\/div>\n\t\t<\/div>\n<\/li>\n<li class=\"product_item grid-item product thumb-has-effect prod-rating-on prod-has-rating type-product post-1689 status-publish last instock product_cat-3-libros product_cat-3c-jesus product_cat-biblias-y-libros product_cat-bl-iesus-christus product_cat-sor-emmanuel-maillard product_tag-sin-editorial product_tag-sor-emmanuel-maillard has-post-thumbnail shipping-taxable purchasable product-type-simple\" data-width=\"1\" data-height=\"1\">\n\t\t<div class=\"product_item--inner\">\n\t\t<div class=\"product_item--thumbnail\">\n\t\t\t<div class=\"product_item--thumbnail-holder\">\n\t\t\t\t<a href=\"https:\/\/cordibus.net\/en\/product\/el-maravilloso-secreto-de-las-almas-del-purgatorio\/\" class=\"woocommerce-LoopProduct-link woocommerce-loop-product__link\"><img loading=\"lazy\" decoding=\"async\" width=\"500\" height=\"625\" src=\"https:\/\/i0.wp.com\/cordibus.net\/wp-content\/uploads\/2021\/07\/El-maravilloso-secreto-de-las-almas-del-purgatorio-ELMNO17110093-p.jpg?resize=500%2C625&amp;ssl=1\" class=\"attachment-woocommerce_thumbnail size-woocommerce_thumbnail\" alt=\"El maravilloso secreto de las almas del purgatorio\" \/><div class=\"wp-alt-image\" data-background-image=\"\/\/i0.wp.com\/cordibus.net\/wp-content\/uploads\/2021\/07\/El-maravilloso-secreto-de-las-almas-del-purgatorio-ELMNO17110093-c.jpg?resize=500%2C625&ssl=1\"style=\"background-image: url(\/\/i0.wp.com\/cordibus.net\/wp-content\/uploads\/2021\/07\/El-maravilloso-secreto-de-las-almas-del-purgatorio-ELMNO17110093-c.jpg?resize=500%2C625&ssl=1);\"><\/div><div class=\"item--overlay\"><\/div><\/a>\t\t\t<\/div>\n\t\t\t<div class=\"product_item_thumbnail_action product_item--action\">\n\t\t\t\t<div class=\"wrap-addto\"><a class=\"quickview button la-quickview-button\" href=\"https:\/\/cordibus.net\/en\/product\/el-maravilloso-secreto-de-las-almas-del-purgatorio\/\" data-href=\"https:\/\/cordibus.net\/en\/product\/el-maravilloso-secreto-de-las-almas-del-purgatorio\/?product_quickview=1689\" title=\"Quick Shop\">Quick Shop<\/a><a href=\"\/en\/wp-json\/wp\/v2\/pages\/2271?add-to-cart=1689\" data-quantity=\"1\" class=\"button product_type_simple add_to_cart_button ajax_add_to_cart\" data-product_id=\"1689\" data-product_sku=\"ELM-NO-1711-0093\" aria-label=\"Add to cart: \u201cEl maravilloso secreto de las almas del purgatorio\u201d\" rel=\"nofollow\" data-success_message=\"\u201cEl maravilloso secreto de las almas del purgatorio\u201d has been added to your cart\" data-product_title=\"El maravilloso secreto de las almas del purgatorio\" data-no-translation-aria-label=\"\" data-no-translation-data-success_message=\"\"><span title=\"Add to cart\" data-no-translation=\"\" data-trp-gettext=\"\" data-no-translation-title=\"\">Add to cart<\/span><\/a><a class=\"add_wishlist button la-core-wishlist\" href=\"#\" title=\"Add to Wishlist\" rel=\"nofollow\" data-product_title=\"El maravilloso secreto de las almas del purgatorio\" data-product_id=\"1689\">Add to Wishlist<\/a><a class=\"add_compare button la-core-compare\" href=\"#\" title=\"Add to Compare\" rel=\"nofollow\" data-product_title=\"El maravilloso secreto de las almas del purgatorio\" data-product_id=\"1689\">Add to Compare<\/a><\/div>\t\t\t<\/div>\n\t\t<\/div>\n\t\t<div class=\"product_item--info\">\n\t\t\t<div class=\"product_item--info-inner\">\n\t\t\t\t<h3 class=\"product_item--title\"><a href=\"https:\/\/cordibus.net\/en\/product\/el-maravilloso-secreto-de-las-almas-del-purgatorio\/\">The wonderful secret of the souls in purgatory<\/a><\/h3>\n\t<span class=\"price\"><span class=\"woocommerce-Price-amount amount\"><bdi><span class=\"woocommerce-Price-currencySymbol\">&#36;<\/span>8.00<\/bdi><\/span><\/span>\n\t\t\t<\/div>\n\t\t\t<div class=\"product_item--action\">\n\t\t\t\t<div class=\"wrap-addto\"><a class=\"quickview button la-quickview-button\" href=\"https:\/\/cordibus.net\/en\/product\/el-maravilloso-secreto-de-las-almas-del-purgatorio\/\" data-href=\"https:\/\/cordibus.net\/en\/product\/el-maravilloso-secreto-de-las-almas-del-purgatorio\/?product_quickview=1689\" title=\"Quick Shop\">Quick Shop<\/a><a href=\"\/en\/wp-json\/wp\/v2\/pages\/2271?add-to-cart=1689\" data-quantity=\"1\" class=\"button product_type_simple add_to_cart_button ajax_add_to_cart\" data-product_id=\"1689\" data-product_sku=\"ELM-NO-1711-0093\" aria-label=\"Add to cart: \u201cEl maravilloso secreto de las almas del purgatorio\u201d\" rel=\"nofollow\" data-success_message=\"\u201cEl maravilloso secreto de las almas del purgatorio\u201d has been added to your cart\" data-product_title=\"El maravilloso secreto de las almas del purgatorio\" data-no-translation-aria-label=\"\" data-no-translation-data-success_message=\"\"><span title=\"Add to cart\" data-no-translation=\"\" data-trp-gettext=\"\" data-no-translation-title=\"\">Add to cart<\/span><\/a><a class=\"add_wishlist button la-core-wishlist\" href=\"#\" title=\"Add to Wishlist\" rel=\"nofollow\" data-product_title=\"El maravilloso secreto de las almas del purgatorio\" data-product_id=\"1689\">Add to Wishlist<\/a><a class=\"add_compare button la-core-compare\" href=\"#\" title=\"Add to Compare\" rel=\"nofollow\" data-product_title=\"El maravilloso secreto de las almas del purgatorio\" data-product_id=\"1689\">Add to Compare<\/a><\/div>\t\t\t<\/div>\n\t\t<\/div>\n\t\t<\/div>\n<\/li>\n<\/ul><\/div><\/div><div class=\"elm-loadmore-ajax\" data-query-settings=\"{&quot;tag&quot;:&quot;recent_products&quot;,&quot;atts&quot;:{&quot;layout&quot;:&quot;grid&quot;,&quot;list_style&quot;:&quot;default&quot;,&quot;grid_style&quot;:&quot;1&quot;,&quot;masonry_style&quot;:&quot;1&quot;,&quot;category&quot;:&quot;sor-emmanuel-maillard&quot;,&quot;operator&quot;:&quot;IN&quot;,&quot;attribute&quot;:&quot;&quot;,&quot;filter&quot;:&quot;&quot;,&quot;orderby&quot;:&quot;&quot;,&quot;order&quot;:&quot;&quot;,&quot;ids&quot;:&quot;&quot;,&quot;per_page&quot;:&quot;16&quot;,&quot;item_space&quot;:&quot;default&quot;,&quot;enable_custom_image_size&quot;:&quot;&quot;,&quot;img_size&quot;:&quot;shop_catalog&quot;,&quot;disable_alt_image&quot;:&quot;&quot;,&quot;column_type&quot;:&quot;default&quot;,&quot;base_container_w&quot;:1170,&quot;base_item_w&quot;:300,&quot;base_item_h&quot;:300,&quot;mb_columns&quot;:&quot;&quot;,&quot;custom_item_size&quot;:&quot;&quot;,&quot;item_sizes&quot;:&quot;%5B%7B%22w%22%3A%221%22%2C%22h%22%3A%221%22%2C%22s%22%3A%22%22%7D%5D&quot;,&quot;columns&quot;:&quot;xlg:3;lg:3;md:2;sm:3;xs:2;mb:1;&quot;,&quot;display_style&quot;:&quot;load-more&quot;,&quot;load_more_text&quot;:&quot;Cargar m\\u00e1s&quot;,&quot;enable_carousel&quot;:&quot;&quot;,&quot;enable_ajax_loader&quot;:&quot;&quot;,&quot;shortcode_id&quot;:&quot;&quot;,&quot;el_class&quot;:&quot;&quot;,&quot;skus&quot;:&quot;&quot;,&quot;paged&quot;:&quot;1&quot;,&quot;slider_type&quot;:&quot;horizontal&quot;,&quot;slide_to_scroll&quot;:&quot;all&quot;,&quot;infinite_loop&quot;:&quot;&quot;,&quot;speed&quot;:&quot;300&quot;,&quot;autoplay&quot;:&quot;&quot;,&quot;autoplay_speed&quot;:&quot;5000&quot;,&quot;arrows&quot;:&quot;&quot;,&quot;arrow_style&quot;:&quot;default&quot;,&quot;arrow_bg_color&quot;:&quot;&quot;,&quot;arrow_border_color&quot;:&quot;&quot;,&quot;border_size&quot;:&quot;2&quot;,&quot;arrow_color&quot;:&quot;#333333&quot;,&quot;arrow_size&quot;:&quot;24&quot;,&quot;next_icon&quot;:&quot;dl-icon-right&quot;,&quot;prev_icon&quot;:&quot;dl-icon-left&quot;,&quot;custom_nav&quot;:&quot;&quot;,&quot;dots&quot;:&quot;&quot;,&quot;dots_color&quot;:&quot;#333333&quot;,&quot;dots_icon&quot;:&quot;fa fa-circle&quot;,&quot;draggable&quot;:&quot;yes&quot;,&quot;touch_move&quot;:&quot;yes&quot;,&quot;rtl&quot;:&quot;&quot;,&quot;adaptive_height&quot;:&quot;&quot;,&quot;pauseohover&quot;:&quot;&quot;,&quot;centermode&quot;:&quot;&quot;,&quot;autowidth&quot;:&quot;&quot;,&quot;tag&quot;:&quot;&quot;}}\" data-request=\"\/wp-admin\/admin-ajax.php\" data-paged=\"1\" data-max-page=\"1\" data-container=\"#recent_products_69ec4f39ec3da ul.products\" data-item-class=\".product_item\"><div class=\"la-shortcode-loading\"><div class=\"content\"><div class=\"la-loader spinner3\"><div class=\"dot1\"><\/div><div class=\"dot2\"><\/div><div class=\"bounce1\"><\/div><div class=\"bounce2\"><\/div><div class=\"bounce3\"><\/div><\/div><\/div><\/div><a href=\"#\">Load more<\/a><\/div><\/div><\/div><\/div><\/div><\/div><\/div><\/div><\/div><\/div><\/div><\/div>\n<\/div>","protected":false},"excerpt":{"rendered":"Sister Emmanuel Maillard was born on September 22, 1947, in Paris, France. She studied theology with Cardinal Danielou. In 1969, she graduated in Fine Arts from the Sorbonne University in Paris. In 1976, she joined the Community of the Beatitudes. Cardinal Robert Coffy (then\u2026","protected":false},"author":1,"featured_media":0,"parent":0,"menu_order":0,"comment_status":"closed","ping_status":"closed","template":"","meta":{"footnotes":""},"class_list":["post-2271","page","type-page","status-publish","hentry"],"jetpack_sharing_enabled":true,"_links":{"self":[{"href":"https:\/\/cordibus.net\/en\/wp-json\/wp\/v2\/pages\/2271","targetHints":{"allow":["GET"]}}],"collection":[{"href":"https:\/\/cordibus.net\/en\/wp-json\/wp\/v2\/pages"}],"about":[{"href":"https:\/\/cordibus.net\/en\/wp-json\/wp\/v2\/types\/page"}],"author":[{"embeddable":true,"href":"https:\/\/cordibus.net\/en\/wp-json\/wp\/v2\/users\/1"}],"replies":[{"embeddable":true,"href":"https:\/\/cordibus.net\/en\/wp-json\/wp\/v2\/comments?post=2271"}],"version-history":[{"count":4,"href":"https:\/\/cordibus.net\/en\/wp-json\/wp\/v2\/pages\/2271\/revisions"}],"predecessor-version":[{"id":2297,"href":"https:\/\/cordibus.net\/en\/wp-json\/wp\/v2\/pages\/2271\/revisions\/2297"}],"wp:attachment":[{"href":"https:\/\/cordibus.net\/en\/wp-json\/wp\/v2\/media?parent=2271"}],"curies":[{"name":"wp","href":"https:\/\/api.w.org\/{rel}","templated":true}]}}